{"id":7620,"date":"2023-11-11T00:54:20","date_gmt":"2023-11-10T22:54:20","guid":{"rendered":"https:\/\/mallorcamade.com\/producers\/bodegues-macia-batle\/"},"modified":"2024-08-07T16:34:02","modified_gmt":"2024-08-07T14:34:02","slug":"bodegues-macia-batle","status":"publish","type":"producers","link":"https:\/\/mallorcamade.com\/es\/producers\/bodegues-macia-batle\/","title":{"rendered":"Bodegues Maci\u00e0 Batle"},"content":{"rendered":"","protected":false},"excerpt":{"rendered":"<p>Los or\u00edgenes de Bodegas Maci\u00e0 Batle se remontan a 1856, cuando Maci\u00e0 Batle comenz\u00f3 a elaborar vino a partir de sus propios vi\u00f1edos en Biniali. En 1997, sus descendientes construyeron la nueva bodega en Santa Mar\u00eda del Cam\u00ed, dotada de los mejores medios para la elaboraci\u00f3n de vinos de calidad. <\/p>\n","protected":false},"author":1,"featured_media":0,"menu_order":0,"template":"","format":"standard","meta":{"footnotes":""},"categories":[207],"tags":[],"product_cat":[139],"product_tag":[],"class_list":["post-7620","producers","type-producers","status-publish","format-standard","hentry","category-productores","product_cat-vino"],"acf":{"history":"Los or\u00edgenes de Bodegas Maci\u00e0 Batle se remontan a 1856, cuando Maci\u00e0 Batle comenz\u00f3 a elaborar vino a partir de sus propios vi\u00f1edos en Biniali. En 1997, sus descendientes construyeron la nueva bodega en Santa Mar\u00eda del Cam\u00ed, dotada de los mejores medios para la elaboraci\u00f3n de vinos de calidad. La bodega fue adquirida por el empresario mallorqu\u00edn Sebasti\u00e0 Rub\u00ed en 2003 y ampliada en 2005 para convertirse en un referente del vino de calidad en Mallorca.","stories":"","zona":"Serra de Tramontana","logotipo":"","email":"","direccion":"","municipio":"","telefono":"","website":"","Galer\u00eda":"","pdo":"","awards":"","export_markets":"","google_maps":"","image_ceo":"","second_image":"","CEO":"","cargo_ejecutivo":"","trade_marks":"","suscrito":false},"_links":{"self":[{"href":"https:\/\/mallorcamade.com\/es\/wp-json\/wp\/v2\/producers\/7620","targetHints":{"allow":["GET"]}}],"collection":[{"href":"https:\/\/mallorcamade.com\/es\/wp-json\/wp\/v2\/producers"}],"about":[{"href":"https:\/\/mallorcamade.com\/es\/wp-json\/wp\/v2\/types\/producers"}],"author":[{"embeddable":true,"href":"https:\/\/mallorcamade.com\/es\/wp-json\/wp\/v2\/users\/1"}],"version-history":[{"count":2,"href":"https:\/\/mallorcamade.com\/es\/wp-json\/wp\/v2\/producers\/7620\/revisions"}],"predecessor-version":[{"id":8130,"href":"https:\/\/mallorcamade.com\/es\/wp-json\/wp\/v2\/producers\/7620\/revisions\/8130"}],"wp:attachment":[{"href":"https:\/\/mallorcamade.com\/es\/wp-json\/wp\/v2\/media?parent=7620"}],"wp:term":[{"taxonomy":"category","embeddable":true,"href":"https:\/\/mallorcamade.com\/es\/wp-json\/wp\/v2\/categories?post=7620"},{"taxonomy":"post_tag","embeddable":true,"href":"https:\/\/mallorcamade.com\/es\/wp-json\/wp\/v2\/tags?post=7620"},{"taxonomy":"product_cat","embeddable":true,"href":"https:\/\/mallorcamade.com\/es\/wp-json\/wp\/v2\/product_cat?post=7620"},{"taxonomy":"product_tag","embeddable":true,"href":"https:\/\/mallorcamade.com\/es\/wp-json\/wp\/v2\/product_tag?post=7620"}],"curies":[{"name":"wp","href":"https:\/\/api.w.org\/{rel}","templated":true}]}}