{"id":7703,"date":"2023-11-11T00:54:20","date_gmt":"2023-11-10T22:54:20","guid":{"rendered":"https:\/\/mallorcamade.com\/producers\/bodegues-macia-batle\/"},"modified":"2024-08-07T16:34:37","modified_gmt":"2024-08-07T14:34:37","slug":"bodegues-macia-batle","status":"publish","type":"producers","link":"https:\/\/mallorcamade.com\/sv\/producers\/bodegues-macia-batle\/","title":{"rendered":"Bodegues Maci\u00e0 Batle"},"content":{"rendered":"","protected":false},"excerpt":{"rendered":"<p>Bodegas Maci\u00e0 Batle har sitt ursprung i 1856, d\u00e5 Maci\u00e0 Batle b\u00f6rjade tillverka vin fr\u00e5n sina egna ving\u00e5rdar i Biniali. \u00c5r 1997 byggde hans \u00e4ttlingar det nya vineriet i Santa Mar\u00eda del Cam\u00ed, utrustat med de b\u00e4sta medlen f\u00f6r produktion av kvalitetsviner. <\/p>\n","protected":false},"author":1,"featured_media":0,"menu_order":0,"template":"","format":"standard","meta":{"footnotes":""},"categories":[209],"tags":[],"product_cat":[157],"product_tag":[],"class_list":["post-7703","producers","type-producers","status-publish","format-standard","hentry","category-producers-sv","product_cat-vin"],"acf":{"history":"Bodegas Maci\u00e0 Batle har sitt ursprung i 1856, d\u00e5 Maci\u00e0 Batle b\u00f6rjade tillverka vin fr\u00e5n sina egna ving\u00e5rdar i Biniali. \u00c5r 1997 byggde hans \u00e4ttlingar det nya vineriet i Santa Mar\u00eda del Cam\u00ed, utrustat med de b\u00e4sta medlen f\u00f6r produktion av kvalitetsviner. Ving\u00e5rden f\u00f6rv\u00e4rvades av den mallorkinska aff\u00e4rsmannen Sebasti\u00e0 Rub\u00ed 2003 och utvidgades 2005 till att bli ett riktm\u00e4rke f\u00f6r kvalitetsvin p\u00e5 Mallorca.","stories":"","zona":"Serra de Tramontana","logotipo":"","email":"","direccion":"","municipio":"","telefono":"","website":"","Galer\u00eda":"","pdo":"","awards":"","export_markets":"","google_maps":"","image_ceo":"","second_image":"","CEO":"","cargo_ejecutivo":"","trade_marks":"","suscrito":false},"_links":{"self":[{"href":"https:\/\/mallorcamade.com\/sv\/wp-json\/wp\/v2\/producers\/7703","targetHints":{"allow":["GET"]}}],"collection":[{"href":"https:\/\/mallorcamade.com\/sv\/wp-json\/wp\/v2\/producers"}],"about":[{"href":"https:\/\/mallorcamade.com\/sv\/wp-json\/wp\/v2\/types\/producers"}],"author":[{"embeddable":true,"href":"https:\/\/mallorcamade.com\/sv\/wp-json\/wp\/v2\/users\/1"}],"version-history":[{"count":2,"href":"https:\/\/mallorcamade.com\/sv\/wp-json\/wp\/v2\/producers\/7703\/revisions"}],"predecessor-version":[{"id":8131,"href":"https:\/\/mallorcamade.com\/sv\/wp-json\/wp\/v2\/producers\/7703\/revisions\/8131"}],"wp:attachment":[{"href":"https:\/\/mallorcamade.com\/sv\/wp-json\/wp\/v2\/media?parent=7703"}],"wp:term":[{"taxonomy":"category","embeddable":true,"href":"https:\/\/mallorcamade.com\/sv\/wp-json\/wp\/v2\/categories?post=7703"},{"taxonomy":"post_tag","embeddable":true,"href":"https:\/\/mallorcamade.com\/sv\/wp-json\/wp\/v2\/tags?post=7703"},{"taxonomy":"product_cat","embeddable":true,"href":"https:\/\/mallorcamade.com\/sv\/wp-json\/wp\/v2\/product_cat?post=7703"},{"taxonomy":"product_tag","embeddable":true,"href":"https:\/\/mallorcamade.com\/sv\/wp-json\/wp\/v2\/product_tag?post=7703"}],"curies":[{"name":"wp","href":"https:\/\/api.w.org\/{rel}","templated":true}]}}